{"id":1618,"date":"2013-11-23T21:45:07","date_gmt":"2013-11-23T21:45:07","guid":{"rendered":"https:\/\/www.deutsche-gesellschaft-fuer-ordenskunde.de\/DGOWP\/?page_id=1618"},"modified":"2026-01-14T18:23:41","modified_gmt":"2026-01-14T17:23:41","slug":"prof-dr-phil-eckart-henning-m","status":"publish","type":"page","link":"https:\/\/www.deutsche-gesellschaft-fuer-ordenskunde.de\/DGOWP\/dgo\/wissenschaftlicher-beirat\/prof-dr-phil-eckart-henning-m\/","title":{"rendered":"Prof. Dr. phil. Eckart Henning M. A."},"content":{"rendered":"<h1 style=\"text-align: center;\">Prof. Dr. phil. Eckart Henning M. A.<\/h1>\n<p><a href=\"https:\/\/www.deutsche-gesellschaft-fuer-ordenskunde.de\/DGOWP\/wp-content\/uploads\/2013\/11\/eckart_henning_portrait.jpg\" rel=\"attachment wp-att-2551\"><img loading=\"lazy\" decoding=\"async\" class=\"aligncenter size-full wp-image-2551\" src=\"https:\/\/www.deutsche-gesellschaft-fuer-ordenskunde.de\/DGOWP\/wp-content\/uploads\/2013\/11\/eckart_henning_portrait.jpg\" alt=\"eckart_henning_portrait\" width=\"321\" height=\"490\" srcset=\"https:\/\/www.deutsche-gesellschaft-fuer-ordenskunde.de\/DGOWP\/wp-content\/uploads\/2013\/11\/eckart_henning_portrait.jpg 321w, https:\/\/www.deutsche-gesellschaft-fuer-ordenskunde.de\/DGOWP\/wp-content\/uploads\/2013\/11\/eckart_henning_portrait-98x150.jpg 98w, https:\/\/www.deutsche-gesellschaft-fuer-ordenskunde.de\/DGOWP\/wp-content\/uploads\/2013\/11\/eckart_henning_portrait-197x300.jpg 197w\" sizes=\"auto, (max-width: 321px) 100vw, 321px\" \/><\/a><\/p>\n<p style=\"text-align: left;\">Am 27. Januar 1940 in Berlin-Wilmersdorf geboren, besuchte ich \u00f6ffentliche und private Schulen in Schleusingen \/ Th\u00fcr. Wald und Berlin, wo ich 1961 ein Extraneerabitur ablegte. Anschlie\u00dfend studierte ich an den Universit\u00e4ten in Berlin (FU), Wien und Marburg\/L. Geschichte, Historische Hilfswissenschaften, Germanistik, Politologie und Philosophie. Nach dem (1.) Staatsexamen f\u00fcr das h\u00f6here Lehramt (1967) erwarb ich den Magistergrad \/ Germanistik (1968), bestand eine politologische Erweiterungspr\u00fcfung zum Staatsexamen (1969) und wurde zum Doktor der Philosophie \/ Geschichte (1980) promoviert.<\/p>\n<p style=\"text-align: left;\">Vom Oktober 1967 bis Dezember 1969 war ich zun\u00e4chst Hilfsassistent und Tutor, dann als Wissenschaftlicher Assistent eines Lehrstuhls f\u00fcr germanische und mittellateinische Philologie an der Freien Universit\u00e4t Berlin t\u00e4tig. 1970\/71 wurde ich als Archivreferendar nach Marburg\/L. abgeordnet, wo ich das (2.) Staatsexamen f\u00fcr den h\u00f6heren Archivdienst (1972) ablegte. Als Assessor des Archivwesens, 1972 als Archivrat z. A. und ab 1975 als Archivrat bzw. ab 1978 Archivoberrat war ich Referatsleiter beim Geheimen Staatsarchiv Preu\u00dfischer Kulturbesitz in Berlin-Dahlem mit besonderer Zust\u00e4ndigkeit f\u00fcr die preu\u00dfischen Zentralbeh\u00f6rden und das Brandenburg-Preu\u00dfische Hausarchiv. 1984 wurde ich zum Direktor des Archivs zur Geschichte der Max-Planck-Gesellschaft, ebenfalls in Dahlem, berufen, das ich bis 2006 geleitet habe. Von 1986-1997 nahm ich daneben einen Lehrauftrag f\u00fcr Archivkunde am Friedrich-Meinecke-Institut der Freien Universit\u00e4t Berlin wahr, seit 1990 auch am Institut f\u00fcr Geschichtswissenschaften der Humboldt-Universit\u00e4t zu Berlin, wo ich seit 1993 als Honorarprofessor Historische Hilfswissenschaften der Neuzeit lehre. Meine Arbeitsgebiete sind ferner die fr\u00e4nkisch-th\u00fcringische und brandenburg-preu\u00dfische Landesgeschichte, die Archiv-und Wissenschaftsgeschichte des 19.\/20. Jahrhunderts.<\/p>\n<p style=\"text-align: left;\">Als Herausgeber betreue ich das von mir begr\u00fcndete \u201eHerold-Jahrbuch\u201c (1972-1974 und seit 1996 mit Peter Bahl), w\u00e4hrend ich die Herausgeberschaften der von mir gleichfalls ins Leben gerufenen \u201eVer\u00f6ffentlichungen aus dem Archiv zur Geschichte der Max-Planck-Gesellschaft\u201c (1988-2005, seit 2000 mit Marion Kazemi), der \u201eDahlemer Archivgespr\u00e4che\u201c (1996-2005) und von \u201ePallas Athene\u201c (2002-2006 mit R\u00fcdiger vom Bruch) abgab; vom \u201eJahrbuch f\u00fcr brandenburgische Landesgeschichte\u201c redigierte ich mehr als drei\u00dfig B\u00e4nde (von 1978-2009, teils zusammen mit Werner Vogel, Wolfgang Neugebauer, Felix Escher und Lorenz Friedrich Beck).<\/p>\n<p style=\"text-align: left;\">Dem Vorstand des Herold, Verein f\u00fcr Heraldik, Genealogie und verwandte Wissenschaften geh\u00f6re ich ebenso an wie dem Herolds-Ausschu\u00df f\u00fcr die Deutsche Wappenrolle und bin Sprecher der Fachgruppe \u201eHistorische Hilfswissenschaften\u201c. Als ordentliches Mitglied haben mich die Historische Kommission zu Berlin, die Brandenburgische Historische Kommission sowie die Preu\u00dfische Historische Kommission kooptiert. Ebenso geh\u00f6re ich der Acad\u00e9mie internationale d\u2019 H\u00e9raldique an, ferner der Acad\u00e9mie international de G\u00e9n\u00e9alogie, sowie als Ehren-, Wahl- und Korrespondierendes Mitglied weiteren wissenschaftlichen Gesellschaften des In- und Auslandes. Ausgezeichnet wurde ich mit dem Prix Amerlinck, der Fontane-Plakette, der Silbernen Johann-Christoph-Gatterer-Medaille, der Liechtenstein-Medaille und dem Prix de Bohus.<\/p>\n<p style=\"text-align: left;\"><strong>Schriftenverzeichnis in Auswahl (seit 2004)<\/strong><\/p>\n<p style=\"text-align: left;\">Die \u00e4lteren Arbeiten seit 1967 sind in chronologischer Folge verzeichnet in meiner Aufsatzsammlung: Auxilia historica, 2. Aufl. K\u00f6ln 2004, S. 453 \u2013 482 und in systematischer Anordnung im Jahrbuch Wissenschaftsforschung 2000, S. 203 \u2013 232.<\/p>\n<p style=\"text-align: left;\"><strong>2004<br \/>\n<\/strong>Die archivalischen Quellen. Mit einer Einf\u00fchrung in die Historischen Hilfswissenschaften, hrsg. von Friedrich Beck u. E.H. 4. durchges. Aufl. K\u00f6ln: B\u00f6hlau 2004, 404 S., zahlr. Abb., zugl. als UTB Nr. 8273 erschienen.<\/p>\n<p style=\"text-align: left;\">Beitr\u00e4ge zur Wissenschaftsgeschichte Dahlems. 2., erw. Aufl. Berlin 2004, 254 S. (= Ver\u00f6ffentlichungen aus dem Archiv zur Geschichte der Max-Planck-Gesellschaft, 13).<\/p>\n<p style=\"text-align: left;\">Auxilia historica. Beitr\u00e4ge zu den Historischen Hilfswissenschaften und ihren Wechselbeziehungen. 2., stark erw. Aufl. K\u00f6ln: B\u00f6hlau 2004, 483 S., zahlr. Abb.<\/p>\n<p style=\"text-align: left;\">\u201eHei\u00dfe Magister, hei\u00dfe Doktor gar\u2026\u201cAktuelle hilfswissenschaftliche Anmerkungen zu aka-demischen Titeln, in: Fundamenta historiae. Geschichte im Spiegel der Numismatik und ihrer<\/p>\n<p style=\"text-align: left;\">Nachbarwissenschaften. Festschrift f\u00fcr Niklot Kl\u00fc\u00dfendorf zum 60. Geburtstag. Hrsg. von Reiner Cunz in Verbindung mit Rainer Polley und Andreas R\u00f6pcke. Hannover 2004, S. 411 \u2013 424; dass. in: Dahlemer Archivgespr\u00e4che 10 (2004), S. 22 \u2013 44.<\/p>\n<p style=\"text-align: left;\">Zehn Jahre Fachgruppe \u201eHistorische Hilfswissenschaften\u201c in Berlin (1994-2004), in: Archiv f\u00fcr Familiengeschichtsforschung 8 (2004), S. 65 \u2013 71.<\/p>\n<p style=\"text-align: left;\">Phaleristik als Lehrfach, in: Herold Vierteljahrsschrift N.F. 16 = 47. Jg. (2004), S. 345 \u2013 354.<\/p>\n<p style=\"text-align: left;\"><strong>2005<br \/>\n<\/strong>F\u00fchrer durch das Archiv zur Geschichte der Max-Planck-Gesellschaft. Anl\u00e4\u00dflich seines 25j\u00e4hrigen Jubil\u00e4ums 1978-2003 unter Beteiligung aller Mitarbeiter neu bearb. von E. H.. 2., durchgesehene Aufl. Berlin 2006, 184 S. (= Ver\u00f6ffentlichungen aus dem Archiv zur Geschichte der Max-Planck-Gesellschaft, 17).<\/p>\n<p style=\"text-align: left;\">Die Harnack-Medaille der Kaiser-Wilhelm-\/Max-Planck-Gesellschaft zur F\u00f6rderung der Wissenschaften 1924-2004. Von E.H. u. Marion Kazemi. Berlin 2004, 174 S. (= Ver\u00f6ffentlichungen aus dem Archiv zur Geschichte der Max-Planck-Gesellschaft, 19).<\/p>\n<p style=\"text-align: left;\">Archive und Ged\u00e4chtnis. Festschrift f\u00fcr Botho Brachmann. Hrsg. von Friedrich Beck, E. H., Susanne Paulukat und Olaf B. Rader. Potsdam: Verlag f\u00fcr Berlin-Brandenburg 2005, 738 S. (= Potsdamer Studien, 18; zugl. Schriftenreihe des Wilhelm-Fraenger- Instituts, 8).<\/p>\n<p style=\"text-align: left;\">Gemeinsamkeiten der Historischen Hilfswissenschaften, in: Zehn Jahre Fachgruppe Historische Hilfswissenschaften. Hrsg. von Peter Bahl, Friedrich Beck, Regina Rousavy und Waldemar Schupp. Neustadt\/Aisch: Degener 2005, S. 139-14.<\/p>\n<p style=\"text-align: left;\"><strong>2006<br \/>\n<\/strong>Taschenbuch f\u00fcr die Familiengeschichtsforschung. Mit CD-ROM-Teil. 13., \u00fcberarbeitete Auflage von Wolfgang Ribbe und Eckart Henning. Insingen: Degener 2006, 350 S.<\/p>\n<p style=\"text-align: left;\">Eigenh\u00e4ndig. Grundz\u00fcge einer Autographenkunde. Mit Bibliographie und einem Verzeichnis handels\u00fcblicher Katalogabk\u00fcrzungen. Berlin: J.A. Stargardt 2006, 61 S., 15 Abb.<\/p>\n<p style=\"text-align: left;\">Am Wendepunkt. Ansprache von E.H. anl\u00e4sslich seiner Verabschiedung als Direktor des Archivs zur Geschichte der Max-Planck-Gesellschaft am 1. Februar 2006 im Otto-Warburg-Haus, Berlin-Dahlem, in: Dahlemer Archivgespr\u00e4che 12 (2006), S. 304 \u2013 313.<\/p>\n<p style=\"text-align: left;\"><strong>2007<br \/>\n<\/strong>Nikolassee. Vom Vorort Berlins zum Ortsteil Zehlendorfs. Ausgew\u00e4hlte Beitr\u00e4ge von E. H. Hrsg. f\u00fcr den Verein der F\u00f6rderer der Evangelischen Kirchengemeinde Nikolassee anl\u00e4sslich seines 25j\u00e4hrigen Bestehens (1981 \u2013 2006). Berlin: Stapp 2007, 168 S., zahlr. Abb.<\/p>\n<p style=\"text-align: left;\">\u201eDas Unsichtbare sinnf\u00e4llig machen\u201c. Zur Erinnerung an Percy Ernst Schramms \u201eHerrschaftszeichen\u201c. Er\u00f6ffnungsreferat zum Xanten-Colloquium der Internationalen Akademie f\u00fcr Heraldik am 3. September 2007 im Rathaus. Vorabdruck im: Herold-Jahrbuch N.F. 12 (2007), S. 51 \u2013 60.<\/p>\n<p style=\"text-align: left;\">Anerkennung und Aberkennung akademischer Titel. Missbrauchsformen im Spiegel der Presse, in: Berliner Wissenschaftliche Gesellschaft, Jahrbuch 2007, S. 141-158.<\/p>\n<p style=\"text-align: left;\">Gottfried Wentz \u2013 \u201eein Stiefkind des Gl\u00fccks?\u201c Zu den Brandenburg \u2013 B\u00e4nden der Germania sacra, ihrem Bearbeiter und dem Kaiser-Wilhelm-Institut f\u00fcr Deutsche Geschichte, in: Dahlemer Archivgespr\u00e4che 12 (2006), erschienen 2007, S. 11 \u2013 13, m. Bild.<\/p>\n<p style=\"text-align: left;\">\u201eDer Listenreiche\u201c. Zum 60. Todestag des m\u00e4rkischen Archivars Reinhard L\u00fcdicke am 22. Juli 2007, in: Jahrbuch f\u00fcr brandenburgische Landesgeschichte 58 (2007), S. 161 \u2013 173 m. Bild.<\/p>\n<p style=\"text-align: left;\"><strong>2008<br \/>\n<\/strong>Genealogie. Standortbestimmung und Perspektiven aus deutscher Sicht, in: Genealogica et Heraldica. Myth and Propaganda in Heraldry and Genealogy. Proceedings of the XXVII. International Congress of Genealogical and Heraldic Sciences, 21.-26. August 2006 St. Andrews \/ Scotland, 2 Bde. Edinburgh 2008, Bd. I, S. 337 \u2013 352. Dass. in einer erw. u. durch 6 graphische Darstellungen erg\u00e4nzten Fassung ohne den Zusatz \u201eaus deutscher Sicht\u201c erschienen, in: Wo lebten unsere Vorfahren? Ortsbez\u00fcge in der Genealogie. 59. Deutscher Genealogentag Ludwigshafen. Insingen: Degener &amp; Co. 2008, S. 9 \u2013 34.<\/p>\n<p style=\"text-align: left;\">Max Planck im \u201eDritten Reich\u201c, in: Max Planck und die Max- Planck-Gesellschaft zum 150. Geburtstag am 23. April 2008. Aus den Quellen zusammengestellt vom Archiv der Max-Planck-Gesellschaft, hrsg. von Lorenz Friedrich Beck. Berlin 2008, S. 35 \u2013 60 (= Ver\u00f6ffentlichungen aus dem Archiv der Max-Planck-Gesellschaft, 20). Erweitert um den Epilog 2007\/2008 u. d. T. \u201eBambusstrategie\u201c \u2013 Max Planck in der NS-Zeit. Halle\/S. 2010, S. 51-74 (= Acta Historica Leopoldina, 55; Vortr\u00e4ge und Abhandlungen zur Wissenschaftsgeschichte 2010).<\/p>\n<p style=\"text-align: left;\"><strong>2009<br \/>\n<\/strong>Dahlem \u2013 Dom\u00e4ne der Wissenschaft. Ein Spaziergang zu den Berliner Instituten der Kaiser-Wilhelm-\/Max-Planck-Gesellschaft im \u201edeutschen Oxford\u201c von E. H. und Marion Kazemi. 4., erweiterte und aktualisierte Auflage. Berlin 2009, 208 S., 205 Abb., 1 Kte (= Ver\u00f6ffentlichungen aus dem Archiv der Max-Planck-Gesellschaft, 16\/I, engl. 16\/II).<\/p>\n<p style=\"text-align: left;\">Wissen, Wissenschaft und Wissenschaftsgeschichte. Aus der Sicht des zentralen Archivs der Max-Planck-Geschichte, in: Berliner Wissenschaftliche Gesellschaft, Jahrbuch 2008 [erschienen 2009], S. 141 \u2013 163.<\/p>\n<p style=\"text-align: left;\">Hennings \u201eHiWi\u201c \u2013 Test. 175 Fragen &amp; Antworten rund um die Historischen Hilfswissenschaften. Mit 10 Thesen \u00fcber die Gemeinsamkeiten der Historischen Hilfswissenschaften. Berlin: BibSpider 2009, 134 S., zahlr. Abb.<\/p>\n<p style=\"text-align: left;\">Die Phaleristik und ihre Nachbarwissenschaften, in: Herold-Jahrbuch N.F.14 (2009), S. 89 \u2013 99.<\/p>\n<p style=\"text-align: left;\">Wappen heute \u2013 Zukunft der Heraldik? \/ Berliner Erkl\u00e4rung \u00fcber heraldische Gestaltungsgrunds\u00e4tze (mit Lorenz Beck), in: Herold Vierteljahrsschrift N.F. 17 = Jg. 52 (2009), S. 459 \u2013 460, desgl. abgedr. in: Genealogie 29 = 58. Jg. (2009), S. 562 \u2013 563, desgl. in: Adler, Zeitschrift f\u00fcr Genealogie und Heraldik 25 = Jg. 39 (2009), S. 142 \u2013 144, kommentiert von Michael G\u00f6bl, desgl. in: Orden und Ehrenzeichen 11 (2009), H. 64, S. 352 \u2013 353 kommentiert von Dietrich Herfurth.<\/p>\n<p style=\"text-align: left;\">Das Jahrbuch f\u00fcr brandenburgische Landesgeschichte und ihre Herausgeber (1950-2000\/2001), in: Die Landesgeschichtliche Vereinigung f\u00fcr die Mark Brandenburg in Vergangenheit und Gegenwart. Aus Anla\u00df des 125j\u00e4hrigen Bestehens bearb. u. hrsg. von Peter Bahl. Berlin 2009, S. 223 \u2013 234 (= Schriften der Landesgeschichtlichen Vereinigung N.F., 2).<\/p>\n<p style=\"text-align: left;\"><strong>2010<br \/>\n<\/strong>Orden und Ehrenzeichen. Handbuch der Phaleristik. Mit Dietrich Herfurth. K\u00f6ln: B\u00f6hlau 2010, 362 S., zahlr. farb. Abb.<\/p>\n<p style=\"text-align: left;\">Repetitorium heraldicum. 150 Fragen und Antworten zur Wappenkunde. Berlin: BibSpider 2010, 112 S.<\/p>\n<p style=\"text-align: left;\"><strong>2011<br \/>\n<\/strong>Chronik der Kaiser-Wilhelm- \/ Max-Planck-Gesellschaft zur F\u00f6rderung der Wissenschaften 1911 \u2013 2011 Daten und Quellen. Von E.H. und Marion Kazemi. Im Auftrage des Pr\u00e4sidenten Peter Gruss bearb. im Archiv der Max-Planck-Gesellschaft. Berlin: Duncker &amp; Humblot 2011, ca. 1200 S., zahlr. Abb. (= 100 Jahre Kaiser-Wilhelm- \/ Max-Planck-Gesellschaft zur F\u00f6rderung der Wissenschaften, Teil I). Im Druck.<\/p>\n<p><strong>2013<\/strong><br \/>\nArchivalien und Archivare Preu\u00dfens, Ausgew\u00e4hlte Aufs\u00e4tze. Berlin: Duncker &amp; Humblot 2013, 1 Tab., 1 Abb.; 280 S.<\/p>\n<p style=\"text-align: left;\"><strong>2016<br \/>\n<\/strong>Handbuch zur Institutsgeschichte der Kaiser-Wilhelm-\/Max-Planck-Gesellschaft zur F\u00f6rderung der Wissenschaften. Von E.H. und Marion Kazemi.<\/p>\n","protected":false},"excerpt":{"rendered":"<p>Prof. Dr. phil. Eckart Henning M. A. Am 27. Januar 1940 in Berlin-Wilmersdorf geboren, besuchte ich \u00f6ffentliche und private Schulen in Schleusingen \/ Th\u00fcr. Wald und Berlin, wo ich 1961 ein Extraneerabitur ablegte. Anschlie\u00dfend studierte ich an den Universit\u00e4ten in Berlin (FU), Wien und Marburg\/L. Geschichte, Historische Hilfswissenschaften, Germanistik, Politologie und Philosophie. Nach dem (1.) &hellip; <\/p>\n<p class=\"link-more\"><a href=\"https:\/\/www.deutsche-gesellschaft-fuer-ordenskunde.de\/DGOWP\/dgo\/wissenschaftlicher-beirat\/prof-dr-phil-eckart-henning-m\/\" class=\"more-link\"><span class=\"screen-reader-text\">\u201eProf. Dr. phil. Eckart Henning M. A.\u201c <\/span>weiterlesen<\/a><\/p>\n","protected":false},"author":2,"featured_media":0,"parent":76,"menu_order":0,"comment_status":"closed","ping_status":"closed","template":"","meta":{"ngg_post_thumbnail":0,"footnotes":""},"class_list":["post-1618","page","type-page","status-publish","hentry"],"_links":{"self":[{"href":"https:\/\/www.deutsche-gesellschaft-fuer-ordenskunde.de\/DGOWP\/wp-json\/wp\/v2\/pages\/1618","targetHints":{"allow":["GET"]}}],"collection":[{"href":"https:\/\/www.deutsche-gesellschaft-fuer-ordenskunde.de\/DGOWP\/wp-json\/wp\/v2\/pages"}],"about":[{"href":"https:\/\/www.deutsche-gesellschaft-fuer-ordenskunde.de\/DGOWP\/wp-json\/wp\/v2\/types\/page"}],"author":[{"embeddable":true,"href":"https:\/\/www.deutsche-gesellschaft-fuer-ordenskunde.de\/DGOWP\/wp-json\/wp\/v2\/users\/2"}],"replies":[{"embeddable":true,"href":"https:\/\/www.deutsche-gesellschaft-fuer-ordenskunde.de\/DGOWP\/wp-json\/wp\/v2\/comments?post=1618"}],"version-history":[{"count":2,"href":"https:\/\/www.deutsche-gesellschaft-fuer-ordenskunde.de\/DGOWP\/wp-json\/wp\/v2\/pages\/1618\/revisions"}],"predecessor-version":[{"id":5231,"href":"https:\/\/www.deutsche-gesellschaft-fuer-ordenskunde.de\/DGOWP\/wp-json\/wp\/v2\/pages\/1618\/revisions\/5231"}],"up":[{"embeddable":true,"href":"https:\/\/www.deutsche-gesellschaft-fuer-ordenskunde.de\/DGOWP\/wp-json\/wp\/v2\/pages\/76"}],"wp:attachment":[{"href":"https:\/\/www.deutsche-gesellschaft-fuer-ordenskunde.de\/DGOWP\/wp-json\/wp\/v2\/media?parent=1618"}],"curies":[{"name":"wp","href":"https:\/\/api.w.org\/{rel}","templated":true}]}}