{"id":1520,"date":"2013-10-16T10:53:50","date_gmt":"2013-10-16T10:53:50","guid":{"rendered":"https:\/\/www.deutsche-gesellschaft-fuer-ordenskunde.de\/DGOWP\/?page_id=1520"},"modified":"2013-12-29T19:21:45","modified_gmt":"2013-12-29T19:21:45","slug":"2013-2","status":"publish","type":"page","link":"https:\/\/www.deutsche-gesellschaft-fuer-ordenskunde.de\/DGOWP\/dgo\/aktivitaten\/2013-2\/","title":{"rendered":"2013"},"content":{"rendered":"<h1 style=\"text-align: justify;\">Kurzbericht zur Jahreshauptversammlung der Deutsche Gesellschaft f\u00fcr Ordenskunde e.V. in Celle<\/h1>\n<p style=\"text-align: justify;\">Am Wochenende vom 20. \u2013 22. September 2014 fand in Celle nicht nur die JHV der Deutschen Gesellschaft f\u00fcr Ordenskunde e.V. statt, sondern auch die Celler Hengstparade, der Tag der Reservisten und das Schlossfest. Dennoch haben 34 Mitglieder, darunter zwei aus D\u00e4nemark und zwei aus \u00d6sterreich, den Weg dorthin gefunden. Das Rahmenprogramm, der Besuch des Garnision-Museums, es war nat\u00fcrlich wieder viel zu wenig Zeit daf\u00fcr vorgesehen, und der des Residenzmuseums, fanden gro\u00dfen Anklang.<\/p>\n<figure id=\"attachment_1483\" aria-describedby=\"caption-attachment-1483\" style=\"width: 1024px\" class=\"wp-caption aligncenter\"><a href=\"https:\/\/www.deutsche-gesellschaft-fuer-ordenskunde.de\/DGOWP\/wp-content\/uploads\/2012\/09\/2013_09_21-DGO-Celle-Garnisonmuseum-5.jpg\"><img loading=\"lazy\" decoding=\"async\" class=\"wp-image-1483 \" alt=\"Celle Garnisonmuseum\" src=\"https:\/\/www.deutsche-gesellschaft-fuer-ordenskunde.de\/DGOWP\/wp-content\/uploads\/2012\/09\/2013_09_21-DGO-Celle-Garnisonmuseum-5.jpg\" width=\"1024\" height=\"768\" srcset=\"https:\/\/www.deutsche-gesellschaft-fuer-ordenskunde.de\/DGOWP\/wp-content\/uploads\/2012\/09\/2013_09_21-DGO-Celle-Garnisonmuseum-5.jpg 1024w, https:\/\/www.deutsche-gesellschaft-fuer-ordenskunde.de\/DGOWP\/wp-content\/uploads\/2012\/09\/2013_09_21-DGO-Celle-Garnisonmuseum-5-300x225.jpg 300w, https:\/\/www.deutsche-gesellschaft-fuer-ordenskunde.de\/DGOWP\/wp-content\/uploads\/2012\/09\/2013_09_21-DGO-Celle-Garnisonmuseum-5-400x300.jpg 400w\" sizes=\"auto, (max-width: 706px) 89vw, (max-width: 767px) 82vw, 740px\" \/><\/a><figcaption id=\"caption-attachment-1483\" class=\"wp-caption-text\">Celle Garnisonmuseum<\/figcaption><\/figure>\n<p style=\"text-align: justify;\">Die Jahreshauptversammlung selbst verlief reibungslos. Der Hessenthal-Preis wurde an Herrn Karl Gattinger, von der \u00d6GO, verliehen und Herr Hartmut Rochowanski stellte uns den Preistr\u00e4ger und seine Verdienste um die \u00f6sterreichische Ordenskunde in seiner Laudatio vor.<\/p>\n<figure id=\"attachment_1484\" aria-describedby=\"caption-attachment-1484\" style=\"width: 1024px\" class=\"wp-caption aligncenter\"><a href=\"https:\/\/www.deutsche-gesellschaft-fuer-ordenskunde.de\/DGOWP\/wp-content\/uploads\/2012\/09\/2013_09_21-DGO-Celle-JHV-Hessental-Preistr\u00e4ger-mit-B.D\u00f6bel-c.jpg\"><img loading=\"lazy\" decoding=\"async\" class=\"wp-image-1484 \" alt=\"Hessental-Preistr\u00e4ger Hr. Gattinger mit B. D\u00f6bel\" src=\"https:\/\/www.deutsche-gesellschaft-fuer-ordenskunde.de\/DGOWP\/wp-content\/uploads\/2012\/09\/2013_09_21-DGO-Celle-JHV-Hessental-Preistr\u00e4ger-mit-B.D\u00f6bel-c.jpg\" width=\"1024\" height=\"768\" srcset=\"https:\/\/www.deutsche-gesellschaft-fuer-ordenskunde.de\/DGOWP\/wp-content\/uploads\/2012\/09\/2013_09_21-DGO-Celle-JHV-Hessental-Preistr\u00e4ger-mit-B.D\u00f6bel-c.jpg 1024w, https:\/\/www.deutsche-gesellschaft-fuer-ordenskunde.de\/DGOWP\/wp-content\/uploads\/2012\/09\/2013_09_21-DGO-Celle-JHV-Hessental-Preistr\u00e4ger-mit-B.D\u00f6bel-c-300x225.jpg 300w, https:\/\/www.deutsche-gesellschaft-fuer-ordenskunde.de\/DGOWP\/wp-content\/uploads\/2012\/09\/2013_09_21-DGO-Celle-JHV-Hessental-Preistr\u00e4ger-mit-B.D\u00f6bel-c-400x300.jpg 400w\" sizes=\"auto, (max-width: 706px) 89vw, (max-width: 767px) 82vw, 740px\" \/><\/a><figcaption id=\"caption-attachment-1484\" class=\"wp-caption-text\">Hessental-Preistr\u00e4ger Hr. Gattinger mit B. D\u00f6bel<\/figcaption><\/figure>\n<p style=\"text-align: justify;\">Es folgten die Berichte der Verantwortlichen und die Entlastung des Vorstandes. Die Satzungs\u00e4nderungen wurden, mit einer Ausnahme, angenommen.<\/p>\n<p style=\"text-align: justify;\">Zur Neuwahl des Pr\u00e4sidiums gab es jeweils nur einen Vorschlag. Es wurden gew\u00e4hlt: zum Pr\u00e4sidenten Bernd D\u00f6bel, 1. Vizepr\u00e4sident Daniel Krause, 2. Vizepr\u00e4sident Frank W\u00f6rner, Gesch\u00e4ftsf\u00fchrer J\u00fcrgen Lindner. Der Posten des Schatzmeisters blieb unbesetzt. Dies bedeutet, dass Herr D\u00f6bel dieses Amt weiterhin kommissarisch, bis zur Einrichtung einer Gesch\u00e4ftsstelle, in der die gesamte Mitgliederverwaltung stattfindet, aus\u00fcbt.<\/p>\n<p style=\"text-align: justify;\">Das neu gew\u00e4hlte Pr\u00e4sidium der DGO:<\/p>\n<figure id=\"attachment_1427\" aria-describedby=\"caption-attachment-1427\" style=\"width: 1024px\" class=\"wp-caption aligncenter\"><a href=\"https:\/\/www.deutsche-gesellschaft-fuer-ordenskunde.de\/DGOWP\/wp-content\/uploads\/2012\/09\/2013_09_21-DGO-Vorstand-D\u00f6bel-Krause-W\u00f6rner-Lindner-3.jpg\"><img loading=\"lazy\" decoding=\"async\" class=\"size-full wp-image-1427\" alt=\"(v.l.n.r.) Pr\u00e4sident - Bernd D\u00f6bel, 1. Vize-Pr\u00e4sident - Daniel Krause, 2. Vize-Pr\u00e4sident - Frank W\u00f6rner, Gesch\u00e4ftsf\u00fchrer - J\u00fcrgen Lindner\" src=\"https:\/\/www.deutsche-gesellschaft-fuer-ordenskunde.de\/DGOWP\/wp-content\/uploads\/2012\/09\/2013_09_21-DGO-Vorstand-D\u00f6bel-Krause-W\u00f6rner-Lindner-3.jpg\" width=\"1024\" height=\"768\" srcset=\"https:\/\/www.deutsche-gesellschaft-fuer-ordenskunde.de\/DGOWP\/wp-content\/uploads\/2012\/09\/2013_09_21-DGO-Vorstand-D\u00f6bel-Krause-W\u00f6rner-Lindner-3.jpg 1024w, https:\/\/www.deutsche-gesellschaft-fuer-ordenskunde.de\/DGOWP\/wp-content\/uploads\/2012\/09\/2013_09_21-DGO-Vorstand-D\u00f6bel-Krause-W\u00f6rner-Lindner-3-300x225.jpg 300w, https:\/\/www.deutsche-gesellschaft-fuer-ordenskunde.de\/DGOWP\/wp-content\/uploads\/2012\/09\/2013_09_21-DGO-Vorstand-D\u00f6bel-Krause-W\u00f6rner-Lindner-3-400x300.jpg 400w\" sizes=\"auto, (max-width: 706px) 89vw, (max-width: 767px) 82vw, 740px\" \/><\/a><figcaption id=\"caption-attachment-1427\" class=\"wp-caption-text\">(v.l.n.r.) Pr\u00e4sident &#8211; Bernd D\u00f6bel, 1. Vize-Pr\u00e4sident &#8211; Daniel Krause, 2. Vize-Pr\u00e4sident &#8211; Frank W\u00f6rner, Gesch\u00e4ftsf\u00fchrer &#8211; J\u00fcrgen Lindner<\/figcaption><\/figure>\n<p style=\"text-align: justify;\">Als Tagungsort f\u00fcr die JHV im Mai 2014 wurde Ingolstadt festgelegt. Sollte dies nicht m\u00f6glich sein, wird auf Raststatt ausgewichen. Im September 2014 findet eine Festveranstaltung aus Anlass des 40 j\u00e4hrigen Bestehens des Vereins in Dresden statt.<\/p>\n<h2 style=\"text-align: justify;\">Sammlerb\u00f6rse Gunzenhausen<\/h2>\n<p style=\"text-align: justify;\">Freitag 11. &#8211; Samstag 12. Oktober 2013<br \/>\nAuf der Sammlerb\u00f6rse in Gunzenhausen betrieb die DGO einen Infostand.<\/p>\n<figure id=\"attachment_1526\" aria-describedby=\"caption-attachment-1526\" style=\"width: 1024px\" class=\"wp-caption alignnone\"><a href=\"https:\/\/www.deutsche-gesellschaft-fuer-ordenskunde.de\/DGOWP\/wp-content\/uploads\/2013\/10\/2013_10_10-12-Infostand-Gunzenhausen-1a.jpg\"><img loading=\"lazy\" decoding=\"async\" class=\" wp-image-1526 \" alt=\"Infostand - Gunzenhausen 2013\" src=\"https:\/\/www.deutsche-gesellschaft-fuer-ordenskunde.de\/DGOWP\/wp-content\/uploads\/2013\/10\/2013_10_10-12-Infostand-Gunzenhausen-1a.jpg\" width=\"1024\" height=\"768\" srcset=\"https:\/\/www.deutsche-gesellschaft-fuer-ordenskunde.de\/DGOWP\/wp-content\/uploads\/2013\/10\/2013_10_10-12-Infostand-Gunzenhausen-1a.jpg 1024w, https:\/\/www.deutsche-gesellschaft-fuer-ordenskunde.de\/DGOWP\/wp-content\/uploads\/2013\/10\/2013_10_10-12-Infostand-Gunzenhausen-1a-300x225.jpg 300w, https:\/\/www.deutsche-gesellschaft-fuer-ordenskunde.de\/DGOWP\/wp-content\/uploads\/2013\/10\/2013_10_10-12-Infostand-Gunzenhausen-1a-400x300.jpg 400w\" sizes=\"auto, (max-width: 706px) 89vw, (max-width: 767px) 82vw, 740px\" \/><\/a><figcaption id=\"caption-attachment-1526\" class=\"wp-caption-text\">Infostand &#8211; Gunzenhausen 2013 &#8211; v.l.: J\u00fcrgen Lindner, Wolfgang Meier und Herr Wolfgang Schneider, Ausrichter B\u00f6rse Gunzenhausen<\/figcaption><\/figure>\n<h2 class=\"MsoNormal\" style=\"text-align: justify;\"><span style=\"font-family: Arial;\">16. Phaleristik-Symposium der Deutschen Gesellschaft f\u00fcr Ordenskunde e.V. in Altenburg<\/span><\/h2>\n<p class=\"MsoNormal\" style=\"text-align: justify;\"><span style=\"font-family: Arial;\">Samstag, 25. Mai 2013, im Bachsaal des Altenburger Schlosses mit Ausstellungser\u00f6ffnung \u201eOrden, Ehrenzeichen und Medaillen um die Ereignisse der Befreiungskriege 1813-1815\u201c. <a href=\"https:\/\/www.deutsche-gesellschaft-fuer-ordenskunde.de\/DGOWP\/wp-content\/uploads\/2012\/09\/2013-DGO-Altenburg-2.jpg\"><img loading=\"lazy\" decoding=\"async\" class=\"aligncenter size-full wp-image-1252\" alt=\"2013 DGO Altenburg 2\" src=\"https:\/\/www.deutsche-gesellschaft-fuer-ordenskunde.de\/DGOWP\/wp-content\/uploads\/2012\/09\/2013-DGO-Altenburg-2.jpg\" width=\"800\" height=\"570\" srcset=\"https:\/\/www.deutsche-gesellschaft-fuer-ordenskunde.de\/DGOWP\/wp-content\/uploads\/2012\/09\/2013-DGO-Altenburg-2.jpg 800w, https:\/\/www.deutsche-gesellschaft-fuer-ordenskunde.de\/DGOWP\/wp-content\/uploads\/2012\/09\/2013-DGO-Altenburg-2-300x213.jpg 300w, https:\/\/www.deutsche-gesellschaft-fuer-ordenskunde.de\/DGOWP\/wp-content\/uploads\/2012\/09\/2013-DGO-Altenburg-2-421x300.jpg 421w\" sizes=\"auto, (max-width: 706px) 89vw, (max-width: 767px) 82vw, 740px\" \/><\/a><\/span><\/p>\n<p class=\"MsoNormal\" style=\"text-align: justify;\"><span style=\"font-family: Arial;\">\u201eEuropa erinnert sich an die Ereignisse des Jahres 1813 \u2013wir auch\u201c, diesen Werbespruch des Altenburger Museums zu den Ereignissen anl\u00e4sslich der V\u00f6lkerschlacht bei Leipzig war gelungener Rahmen des diesj\u00e4hrigen 16. Symposiums der DGO in Altenburg.<\/span><\/p>\n<p class=\"MsoNormal\" style=\"text-align: justify;\"><span style=\"font-family: Arial;\">Diese gelungene Veranstaltung, am Samstagvormittag um 11 Uhr im Bachsaal des Schlosses durch Museumsleiterin Uta K\u00fcnzl und unserem Pr\u00e4sidenten Bernd D\u00f6bel offiziell er\u00f6ffnet, begann mit einer F\u00fchrung welche gleichzeitig die Er\u00f6ffnung der Ausstellung war.<\/span><\/p>\n<p class=\"MsoNormal\" style=\"text-align: justify;\"><a href=\"https:\/\/www.deutsche-gesellschaft-fuer-ordenskunde.de\/DGOWP\/wp-content\/uploads\/2012\/09\/2013-DGO-Altenburg-12.jpg\"><img loading=\"lazy\" decoding=\"async\" class=\"aligncenter size-full wp-image-1253\" alt=\"2013 DGO Altenburg 12\" src=\"https:\/\/www.deutsche-gesellschaft-fuer-ordenskunde.de\/DGOWP\/wp-content\/uploads\/2012\/09\/2013-DGO-Altenburg-12.jpg\" width=\"800\" height=\"600\" srcset=\"https:\/\/www.deutsche-gesellschaft-fuer-ordenskunde.de\/DGOWP\/wp-content\/uploads\/2012\/09\/2013-DGO-Altenburg-12.jpg 800w, https:\/\/www.deutsche-gesellschaft-fuer-ordenskunde.de\/DGOWP\/wp-content\/uploads\/2012\/09\/2013-DGO-Altenburg-12-300x225.jpg 300w, https:\/\/www.deutsche-gesellschaft-fuer-ordenskunde.de\/DGOWP\/wp-content\/uploads\/2012\/09\/2013-DGO-Altenburg-12-400x300.jpg 400w\" sizes=\"auto, (max-width: 706px) 89vw, (max-width: 767px) 82vw, 740px\" \/><\/a><\/p>\n<p class=\"MsoNormal\" style=\"text-align: justify;\"><span style=\"font-family: Arial;\"> Diese Ausstellung, best\u00fcckt auch mit \u201eSch\u00e4tzen\u201c unserer Mitglieder machen diese Schau, welche noch bis zum 20. Oktober des Jahres zu sehen ist, zu einer wohl einmaligen Ansammlung von Orden, Ehrenzeichen und Medaillen in Bezug der Befreiungskriege! <\/span><\/p>\n<p class=\"MsoNormal\" style=\"text-align: justify;\"><a href=\"https:\/\/www.deutsche-gesellschaft-fuer-ordenskunde.de\/DGOWP\/wp-content\/uploads\/2012\/09\/2013-DGO-Altenburg-13.jpg\"><img loading=\"lazy\" decoding=\"async\" class=\"aligncenter size-full wp-image-1254\" alt=\"2013 DGO Altenburg 13\" src=\"https:\/\/www.deutsche-gesellschaft-fuer-ordenskunde.de\/DGOWP\/wp-content\/uploads\/2012\/09\/2013-DGO-Altenburg-13.jpg\" width=\"800\" height=\"600\" srcset=\"https:\/\/www.deutsche-gesellschaft-fuer-ordenskunde.de\/DGOWP\/wp-content\/uploads\/2012\/09\/2013-DGO-Altenburg-13.jpg 800w, https:\/\/www.deutsche-gesellschaft-fuer-ordenskunde.de\/DGOWP\/wp-content\/uploads\/2012\/09\/2013-DGO-Altenburg-13-300x225.jpg 300w, https:\/\/www.deutsche-gesellschaft-fuer-ordenskunde.de\/DGOWP\/wp-content\/uploads\/2012\/09\/2013-DGO-Altenburg-13-400x300.jpg 400w\" sizes=\"auto, (max-width: 706px) 89vw, (max-width: 767px) 82vw, 740px\" \/><\/a><span style=\"font-family: Arial;\">Unserer \u201eAltenburger Truppe\u201c und deren \u201eLeihgebern\u201c, namentlich sei Detlev Schade genannt, geb\u00fchrt hier gro\u00dfes Lob, Dank und Anerkennung!<\/span><\/p>\n<p><a href=\"https:\/\/www.deutsche-gesellschaft-fuer-ordenskunde.de\/DGOWP\/wp-content\/uploads\/2012\/09\/2013-DGO-Altenburg-15.jpg\"><img loading=\"lazy\" decoding=\"async\" class=\"aligncenter size-full wp-image-1255\" alt=\"2013 DGO Altenburg 15\" src=\"https:\/\/www.deutsche-gesellschaft-fuer-ordenskunde.de\/DGOWP\/wp-content\/uploads\/2012\/09\/2013-DGO-Altenburg-15.jpg\" width=\"800\" height=\"600\" srcset=\"https:\/\/www.deutsche-gesellschaft-fuer-ordenskunde.de\/DGOWP\/wp-content\/uploads\/2012\/09\/2013-DGO-Altenburg-15.jpg 800w, https:\/\/www.deutsche-gesellschaft-fuer-ordenskunde.de\/DGOWP\/wp-content\/uploads\/2012\/09\/2013-DGO-Altenburg-15-300x225.jpg 300w, https:\/\/www.deutsche-gesellschaft-fuer-ordenskunde.de\/DGOWP\/wp-content\/uploads\/2012\/09\/2013-DGO-Altenburg-15-400x300.jpg 400w\" sizes=\"auto, (max-width: 706px) 89vw, (max-width: 767px) 82vw, 740px\" \/><\/a>Dr. Lars Adler (im Bild links) \u00fcbernimmt vom bisherigen Vorsitzenden Gert Efler (im Bild rechts) den Vorsitz, Pr\u00e4sident Bernd D\u00f6bel spricht Herrn Efler den Dank der DGO aus und \u00fcbergibt die Leitung des Symposiums an Dr. Adler.<\/p>\n<p><a href=\"https:\/\/www.deutsche-gesellschaft-fuer-ordenskunde.de\/DGOWP\/wp-content\/uploads\/2012\/09\/2013-DGO-Altenburg-16.jpg\"><img loading=\"lazy\" decoding=\"async\" class=\"aligncenter size-full wp-image-1256\" alt=\"2013 DGO Altenburg 16\" src=\"https:\/\/www.deutsche-gesellschaft-fuer-ordenskunde.de\/DGOWP\/wp-content\/uploads\/2012\/09\/2013-DGO-Altenburg-16.jpg\" width=\"800\" height=\"600\" srcset=\"https:\/\/www.deutsche-gesellschaft-fuer-ordenskunde.de\/DGOWP\/wp-content\/uploads\/2012\/09\/2013-DGO-Altenburg-16.jpg 800w, https:\/\/www.deutsche-gesellschaft-fuer-ordenskunde.de\/DGOWP\/wp-content\/uploads\/2012\/09\/2013-DGO-Altenburg-16-300x225.jpg 300w, https:\/\/www.deutsche-gesellschaft-fuer-ordenskunde.de\/DGOWP\/wp-content\/uploads\/2012\/09\/2013-DGO-Altenburg-16-400x300.jpg 400w\" sizes=\"auto, (max-width: 706px) 89vw, (max-width: 767px) 82vw, 740px\" \/><\/a><span style=\"font-family: Arial;\">Am Nachmittag wurde das Programm mit hochwertigen Vortr\u00e4gen fortgesetzt, welche unter den \u00fcber f\u00fcnfzig Zuh\u00f6rern in sehr positiver Erinnerung bleiben wird. Gute Gespr\u00e4che wurdengef\u00fchrt, manche phaleristische Rarit\u00e4t begutachtet und bestaunt und nach dem gemeinsamen Abendessen im Ratskeller wurden die Gespr\u00e4che im Tagungshotel \u201eAstor\u201c bis in die Morgenstunden fortgesetzt. <\/span><\/p>\n<p class=\"MsoNormal\" style=\"text-align: justify;\"><span style=\"font-family: Arial;\">Am Sonntag ab 9 Uhr begann in der sch\u00f6n renovierten \u201eOrangerie im Schlosspark\u201c eine Sammlerb\u00f6rse, die mit weit \u00fcber einhundert Teilnehmern gut besucht war. Gegen 13 Uhr endete die Veranstaltungsreihe der diesj\u00e4hrigen Fr\u00fchjahrsveranstaltung der DGO. \u201eGrosses Lob an alle Beteiligte\u201c, dies war allgemein die Feststellung der Beteiligten und der Besucher.<\/span><\/p>\n<p class=\"MsoNormal\" style=\"text-align: justify;\"><span style=\"font-family: Arial;\">Anreise und Beginn dieser Fr\u00fchjahrsveranstaltung war Freitag am Nachmittag mit einer Besichtigung der Ausstellung auf dem Flugplatzgel\u00e4nde in Altenburg-Nobitz. Eine gro\u00dfartige, mit viel Liebe zum Detail gemachte, sch\u00f6n anzusehende Darstellung anhand von vielf\u00e4ltigen Exponaten aus der einhundertj\u00e4hrigen Geschichte des Flugplatzes. <\/span><\/p>\n<p class=\"MsoNormal\" style=\"text-align: justify;\"><a href=\"https:\/\/www.deutsche-gesellschaft-fuer-ordenskunde.de\/DGOWP\/wp-content\/uploads\/2012\/09\/2013-DGO-Altenburg-1.jpg\"><img loading=\"lazy\" decoding=\"async\" class=\"aligncenter size-full wp-image-1257\" alt=\"2013 DGO Altenburg 1\" src=\"https:\/\/www.deutsche-gesellschaft-fuer-ordenskunde.de\/DGOWP\/wp-content\/uploads\/2012\/09\/2013-DGO-Altenburg-1.jpg\" width=\"800\" height=\"561\" srcset=\"https:\/\/www.deutsche-gesellschaft-fuer-ordenskunde.de\/DGOWP\/wp-content\/uploads\/2012\/09\/2013-DGO-Altenburg-1.jpg 800w, https:\/\/www.deutsche-gesellschaft-fuer-ordenskunde.de\/DGOWP\/wp-content\/uploads\/2012\/09\/2013-DGO-Altenburg-1-300x210.jpg 300w, https:\/\/www.deutsche-gesellschaft-fuer-ordenskunde.de\/DGOWP\/wp-content\/uploads\/2012\/09\/2013-DGO-Altenburg-1-427x300.jpg 427w\" sizes=\"auto, (max-width: 706px) 89vw, (max-width: 767px) 82vw, 740px\" \/><\/a><span style=\"font-family: Arial;\">Novum, unser Pr\u00e4sident Bernd D\u00f6bel fand \u201eseinen alten Arbeitsplatz\u201c an Bord einer \u201eDassault-Breguet BR 1150 Atlantik\u201c wieder, einem Seefernaufkl\u00e4rer \/ Ubootjagd-Flugzeug der Bundesmarine \/ Deutschen Marine, ehemalsMarinefliegergeschwader 3 \u201eGraf Zeppelin\u201c in Nordholz.<\/span><\/p>\n<p><span style=\"font-family: Arial;\">J\u00fcrgen Lindner<\/span><strong><\/strong><\/p>\n","protected":false},"excerpt":{"rendered":"<p>Kurzbericht zur Jahreshauptversammlung der Deutsche Gesellschaft f\u00fcr Ordenskunde e.V. in Celle Am Wochenende vom 20. \u2013 22. September 2014 fand in Celle nicht nur die JHV der Deutschen Gesellschaft f\u00fcr Ordenskunde e.V. statt, sondern auch die Celler Hengstparade, der Tag der Reservisten und das Schlossfest. Dennoch haben 34 Mitglieder, darunter zwei aus D\u00e4nemark und zwei &hellip; <\/p>\n<p class=\"link-more\"><a href=\"https:\/\/www.deutsche-gesellschaft-fuer-ordenskunde.de\/DGOWP\/dgo\/aktivitaten\/2013-2\/\" class=\"more-link\"><span class=\"screen-reader-text\">\u201e2013\u201c <\/span>weiterlesen<\/a><\/p>\n","protected":false},"author":2,"featured_media":0,"parent":50,"menu_order":0,"comment_status":"closed","ping_status":"closed","template":"","meta":{"ngg_post_thumbnail":0,"footnotes":""},"class_list":["post-1520","page","type-page","status-publish","hentry"],"_links":{"self":[{"href":"https:\/\/www.deutsche-gesellschaft-fuer-ordenskunde.de\/DGOWP\/wp-json\/wp\/v2\/pages\/1520","targetHints":{"allow":["GET"]}}],"collection":[{"href":"https:\/\/www.deutsche-gesellschaft-fuer-ordenskunde.de\/DGOWP\/wp-json\/wp\/v2\/pages"}],"about":[{"href":"https:\/\/www.deutsche-gesellschaft-fuer-ordenskunde.de\/DGOWP\/wp-json\/wp\/v2\/types\/page"}],"author":[{"embeddable":true,"href":"https:\/\/www.deutsche-gesellschaft-fuer-ordenskunde.de\/DGOWP\/wp-json\/wp\/v2\/users\/2"}],"replies":[{"embeddable":true,"href":"https:\/\/www.deutsche-gesellschaft-fuer-ordenskunde.de\/DGOWP\/wp-json\/wp\/v2\/comments?post=1520"}],"version-history":[{"count":0,"href":"https:\/\/www.deutsche-gesellschaft-fuer-ordenskunde.de\/DGOWP\/wp-json\/wp\/v2\/pages\/1520\/revisions"}],"up":[{"embeddable":true,"href":"https:\/\/www.deutsche-gesellschaft-fuer-ordenskunde.de\/DGOWP\/wp-json\/wp\/v2\/pages\/50"}],"wp:attachment":[{"href":"https:\/\/www.deutsche-gesellschaft-fuer-ordenskunde.de\/DGOWP\/wp-json\/wp\/v2\/media?parent=1520"}],"curies":[{"name":"wp","href":"https:\/\/api.w.org\/{rel}","templated":true}]}}